{"id":5470,"date":"2021-09-15T14:41:57","date_gmt":"2021-09-15T11:41:57","guid":{"rendered":"https:\/\/www.generalconstruct.ro\/unser-werdegang\/"},"modified":"2024-05-13T10:21:34","modified_gmt":"2024-05-13T07:21:34","slug":"unser-werdegang","status":"publish","type":"page","link":"https:\/\/www.generalconstruct.ro\/de\/unser-werdegang\/","title":{"rendered":"Unser Werdegang"},"content":{"rendered":"\t\t<div data-elementor-type=\"wp-page\" data-elementor-id=\"5470\" class=\"elementor elementor-5470 elementor-1712\">\n\t\t\t\t\t\t<section class=\"elementor-section elementor-top-section elementor-element elementor-element-a6a65b6 elementor-section-boxed elementor-section-height-default elementor-section-height-default\" data-id=\"a6a65b6\" data-element_type=\"section\" data-e-type=\"section\" data-settings=\"{&quot;background_background&quot;:&quot;classic&quot;}\">\n\t\t\t\t\t\t\t<div class=\"elementor-background-overlay\"><\/div>\n\t\t\t\t\t\t\t<div class=\"elementor-container elementor-column-gap-no\">\n\t\t\t\t\t<div class=\"elementor-column elementor-col-100 elementor-top-column elementor-element elementor-element-2ff88e07\" data-id=\"2ff88e07\" data-element_type=\"column\" data-e-type=\"column\">\n\t\t\t<div class=\"elementor-widget-wrap elementor-element-populated\">\n\t\t\t\t\t\t<div class=\"elementor-element elementor-element-496e835e animated-fast elementor-invisible elementor-widget elementor-widget-heading\" data-id=\"496e835e\" data-element_type=\"widget\" data-e-type=\"widget\" data-settings=\"{&quot;_animation&quot;:&quot;slideInLeft&quot;,&quot;_animation_delay&quot;:300}\" data-widget_type=\"heading.default\">\n\t\t\t\t<div class=\"elementor-widget-container\">\n\t\t\t\t\t<h6 class=\"elementor-heading-title elementor-size-default\">\u00dcber uns<\/h6>\t\t\t\t<\/div>\n\t\t\t\t<\/div>\n\t\t\t\t<div class=\"elementor-element elementor-element-41a389ac animated-fast elementor-invisible elementor-widget elementor-widget-heading\" data-id=\"41a389ac\" data-element_type=\"widget\" data-e-type=\"widget\" data-settings=\"{&quot;_animation&quot;:&quot;slideInLeft&quot;}\" data-widget_type=\"heading.default\">\n\t\t\t\t<div class=\"elementor-widget-container\">\n\t\t\t\t\t<h1 class=\"elementor-heading-title elementor-size-default\">Unser Werdegang<\/h1>\t\t\t\t<\/div>\n\t\t\t\t<\/div>\n\t\t\t\t<div class=\"elementor-element elementor-element-41f885dd elementor-invisible elementor-widget elementor-widget-heading\" data-id=\"41f885dd\" data-element_type=\"widget\" data-e-type=\"widget\" data-settings=\"{&quot;_animation&quot;:&quot;slideInLeft&quot;,&quot;_animation_delay&quot;:300}\" data-widget_type=\"heading.default\">\n\t\t\t\t<div class=\"elementor-widget-container\">\n\t\t\t\t\t<h3 class=\"elementor-heading-title elementor-size-default\">Repr\u00e4sentative Veranstaltungen und Projekte<\/h3>\t\t\t\t<\/div>\n\t\t\t\t<\/div>\n\t\t\t\t<div class=\"elementor-element elementor-element-48faa9ef elementor-widget-divider--view-line elementor-widget elementor-widget-divider\" data-id=\"48faa9ef\" data-element_type=\"widget\" data-e-type=\"widget\" data-widget_type=\"divider.default\">\n\t\t\t\t<div class=\"elementor-widget-container\">\n\t\t\t\t\t\t\t<div class=\"elementor-divider\">\n\t\t\t<span class=\"elementor-divider-separator\">\n\t\t\t\t\t\t<\/span>\n\t\t<\/div>\n\t\t\t\t\t\t<\/div>\n\t\t\t\t<\/div>\n\t\t\t\t\t<\/div>\n\t\t<\/div>\n\t\t\t\t\t<\/div>\n\t\t<\/section>\n\t\t\t\t<section class=\"elementor-section elementor-top-section elementor-element elementor-element-1121a88f elementor-section-boxed elementor-section-height-default elementor-section-height-default\" data-id=\"1121a88f\" data-element_type=\"section\" data-e-type=\"section\">\n\t\t\t\t\t\t<div class=\"elementor-container elementor-column-gap-no\">\n\t\t\t\t\t<div class=\"elementor-column elementor-col-100 elementor-top-column elementor-element elementor-element-bff745a\" data-id=\"bff745a\" data-element_type=\"column\" data-e-type=\"column\">\n\t\t\t<div class=\"elementor-widget-wrap elementor-element-populated\">\n\t\t\t\t\t\t<div class=\"elementor-element elementor-element-1fc4ce9a elementor-absolute elementor-widget elementor-widget-heading\" data-id=\"1fc4ce9a\" data-element_type=\"widget\" data-e-type=\"widget\" data-settings=\"{&quot;_position&quot;:&quot;absolute&quot;}\" data-widget_type=\"heading.default\">\n\t\t\t\t<div class=\"elementor-widget-container\">\n\t\t\t\t\t<span class=\"elementor-heading-title elementor-size-default\">Chronologie<\/span>\t\t\t\t<\/div>\n\t\t\t\t<\/div>\n\t\t\t\t<div class=\"elementor-element elementor-element-8cb9c41 elementor-widget elementor-widget-heading\" data-id=\"8cb9c41\" data-element_type=\"widget\" data-e-type=\"widget\" data-widget_type=\"heading.default\">\n\t\t\t\t<div class=\"elementor-widget-container\">\n\t\t\t\t\t<h6 class=\"elementor-heading-title elementor-size-default\">Wir stellen uns vor<\/h6>\t\t\t\t<\/div>\n\t\t\t\t<\/div>\n\t\t\t\t<div class=\"elementor-element elementor-element-7b4a822c elementor-widget elementor-widget-heading\" data-id=\"7b4a822c\" data-element_type=\"widget\" data-e-type=\"widget\" data-widget_type=\"heading.default\">\n\t\t\t\t<div class=\"elementor-widget-container\">\n\t\t\t\t\t<h2 class=\"elementor-heading-title elementor-size-default\">General Construct ist ein Bauunternehmen mit Hauptsitz in Suceava, Rum\u00e4nien,<\/h2>\t\t\t\t<\/div>\n\t\t\t\t<\/div>\n\t\t\t\t<div class=\"elementor-element elementor-element-5f35eba3 elementor-widget elementor-widget-text-editor\" data-id=\"5f35eba3\" data-element_type=\"widget\" data-e-type=\"widget\" data-widget_type=\"text-editor.default\">\n\t\t\t\t<div class=\"elementor-widget-container\">\n\t\t\t\t\t\t\t\t\t<p>strukturiert nach Baut\u00e4tigkeiten und Bauinstallationen. Nachfolgend finden Sie eine chronologische Darstellung der Ereignisse und Projekte, die wir seit Gr\u00fcndung des Unternehmens als repr\u00e4sentativ betrachten:<\/p>\n\t\t\t\t\t\t\t\t<\/div>\n\t\t\t\t<\/div>\n\t\t\t\t\t<\/div>\n\t\t<\/div>\n\t\t\t\t\t<\/div>\n\t\t<\/section>\n\t\t\t\t<section class=\"elementor-section elementor-top-section elementor-element elementor-element-c316746 elementor-section-boxed elementor-section-height-default elementor-section-height-default\" data-id=\"c316746\" data-element_type=\"section\" data-e-type=\"section\" data-settings=\"{&quot;background_background&quot;:&quot;classic&quot;}\">\n\t\t\t\t\t\t<div class=\"elementor-container elementor-column-gap-default\">\n\t\t\t\t\t<div class=\"elementor-column elementor-col-100 elementor-top-column elementor-element elementor-element-6ea7f3a\" data-id=\"6ea7f3a\" data-element_type=\"column\" data-e-type=\"column\">\n\t\t\t<div class=\"elementor-widget-wrap elementor-element-populated\">\n\t\t\t\t\t\t<div class=\"elementor-element elementor-element-dd433ee elementor-widget elementor-widget-timeline-widget-addon\" data-id=\"dd433ee\" data-element_type=\"widget\" data-e-type=\"widget\" data-widget_type=\"timeline-widget-addon.default\">\n\t\t\t\t<div class=\"elementor-widget-container\">\n\t\t\t\t\t<!-- ========= Timeline Widget Addon For Elementor 1.6.24 ========= -->\n<div id=\"twae-wrapper-dd433ee\" class=\"twae-vertical twae-wrapper  twae-both-sided\">   \n    <div class=\"twae-start\"><\/div>    \n    <div id=\"twea-timeline-dd433ee\" class=\"twae-timeline\" ><!-- Start of Story Repeater Content --><div id=\"story-218bf92\" class=\"twae-story twae-repeater-item twae-story-right twae-story-no-icon\"><!-- Story Label --><div class=\"twae-labels\"><div class=\"twae-label-big\">1994-12-22<\/div><\/div><!-- Story Icon --><div class=\"twae-icon\"><i aria-hidden=\"true\" class=\"far fa-calendar-alt\"><\/i><\/div><!-- Story Arrow --><div class=\"twae-arrow\"><\/div><!-- Start of Story Content --><div class=\"twae-content\"><!-- Story Title --><div class=\"twae-title\">Die Gr\u00fcndung der Firma<\/div><!-- Story Description --><div class=\"twae-description\"><p>Ziel der T\u00e4tigkeit: Bauleistungen Aktivit\u00e4ten: Betonherstellung, Herstellung von Fertigteilen<\/p><\/div><\/div><\/div><!-- Start of Story Repeater Content --><div id=\"story-0b243f2\" class=\"twae-story twae-repeater-item twae-story-left twae-story-no-icon\"><!-- Story Label --><div class=\"twae-labels\"><div class=\"twae-label-big\">1997-06-10<\/div><\/div><!-- Story Icon --><div class=\"twae-icon\"><i aria-hidden=\"true\" class=\"far fa-calendar-alt\"><\/i><\/div><!-- Story Arrow --><div class=\"twae-arrow\"><\/div><!-- Start of Story Content --><div class=\"twae-content\"><!-- Story Title --><div class=\"twae-title\">Die Trennung findet statt<\/div><!-- Story Description --><div class=\"twae-description\"><p>Die Gesellschafter trennen die Aktivit\u00e4ten der Unternehmensgruppe S.C. Muha S.R.L. und S.C. General Construct S.R.L.<\/p><\/div><\/div><\/div><!-- Start of Story Repeater Content --><div id=\"story-85143c5\" class=\"twae-story twae-repeater-item twae-story-right twae-story-no-icon\"><!-- Story Label --><div class=\"twae-labels\"><div class=\"twae-label-big\">2000-03-15<\/div><\/div><!-- Story Icon --><div class=\"twae-icon\"><i aria-hidden=\"true\" class=\"far fa-calendar-alt\"><\/i><\/div><!-- Story Arrow --><div class=\"twae-arrow\"><\/div><!-- Start of Story Content --><div class=\"twae-content\"><!-- Story Title --><div class=\"twae-title\">Die komplette Trennung<\/div><!-- Story Description --><div class=\"twae-description\"><p>Die vollst\u00e4ndige Trennung der Unternehmensgruppe sowie die \u00c4nderung des Aktionariat erfolgt<\/p><\/div><\/div><\/div><!-- Start of Story Repeater Content --><div id=\"story-b5b0573\" class=\"twae-story twae-repeater-item twae-story-left twae-story-no-icon\"><!-- Story Label --><div class=\"twae-labels\"><div class=\"twae-label-big\">2002-01-01<\/div><\/div><!-- Story Icon --><div class=\"twae-icon\"><i aria-hidden=\"true\" class=\"far fa-calendar-alt\"><\/i><\/div><!-- Story Arrow --><div class=\"twae-arrow\"><\/div><!-- Start of Story Content --><div class=\"twae-content\"><!-- Story Title --><div class=\"twae-title\">Die erste Baustelle in Deutschland<\/div><!-- Story Description --><div class=\"twae-description\"><p>Die Arbeiten an der Schwanstrasse in D\u00fcsseldorf beginnen. Es ist das erste Bauvorhaben, das von der deutschen Niederlassung koordiniert wird.<\/p><\/div><\/div><\/div><!-- Start of Story Repeater Content --><div id=\"story-67b5d8f\" class=\"twae-story twae-repeater-item twae-story-right twae-story-no-icon\"><!-- Story Label --><div class=\"twae-labels\"><div class=\"twae-label-big\">2007-03-15<\/div><\/div><!-- Story Icon --><div class=\"twae-icon\"><i aria-hidden=\"true\" class=\"far fa-calendar-alt\"><\/i><\/div><!-- Story Arrow --><div class=\"twae-arrow\"><\/div><!-- Start of Story Content --><div class=\"twae-content\"><!-- Story Title --><div class=\"twae-title\">Fertigstellung des ersten Hotels<\/div><!-- Story Description --><div class=\"twae-description\"><p>Das Gerald\u00b4s Hotel in Radauti ist fertiggestellt<\/p><\/div><\/div><\/div><!-- Start of Story Repeater Content --><div id=\"story-90c6934\" class=\"twae-story twae-repeater-item twae-story-left twae-story-no-icon\"><!-- Story Label --><div class=\"twae-labels\"><div class=\"twae-label-big\">2008-03-07<\/div><\/div><!-- Story Icon --><div class=\"twae-icon\"><i aria-hidden=\"true\" class=\"far fa-calendar-alt\"><\/i><\/div><!-- Story Arrow --><div class=\"twae-arrow\"><\/div><!-- Start of Story Content --><div class=\"twae-content\"><!-- Story Title --><div class=\"twae-title\">Wesentliche Infrastruktur- und Aufbautenarbeiten<\/div><!-- Story Description --><div class=\"twae-description\"><p>Fertigstellung des Elan-Hauses, Fertigstellung der Infrastruktur und des Aufbaus des Wohnblocks UG + EG + 6.OG + DG<\/p><\/div><\/div><\/div><!-- Start of Story Repeater Content --><div id=\"story-8455a4c\" class=\"twae-story twae-repeater-item twae-story-right twae-story-no-icon\"><!-- Story Label --><div class=\"twae-labels\"><div class=\"twae-label-big\">2009-02-16<\/div><\/div><!-- Story Icon --><div class=\"twae-icon\"><i aria-hidden=\"true\" class=\"far fa-calendar-alt\"><\/i><\/div><!-- Story Arrow --><div class=\"twae-arrow\"><\/div><!-- Start of Story Content --><div class=\"twae-content\"><!-- Story Title --><div class=\"twae-title\">Errichtung der ersten Betonstation<\/div><!-- Story Description --><div class=\"twae-description\"><p>Die Ausf\u00fchrung der Betonstation aus Letcani im Kreis Iasi ist abgeschlossen<\/p><\/div><\/div><\/div><!-- Start of Story Repeater Content --><div id=\"story-b4b7348\" class=\"twae-story twae-repeater-item twae-story-left twae-story-no-icon\"><!-- Story Label --><div class=\"twae-labels\"><div class=\"twae-label-big\">2009-11-01<\/div><\/div><!-- Story Icon --><div class=\"twae-icon\"><i aria-hidden=\"true\" class=\"far fa-calendar-alt\"><\/i><\/div><!-- Story Arrow --><div class=\"twae-arrow\"><\/div><!-- Start of Story Content --><div class=\"twae-content\"><!-- Story Title --><div class=\"twae-title\">Wichtige Dachreparaturarbeiten<\/div><!-- Story Description --><div class=\"twae-description\"><p>Die Qualit\u00e4tsbedingungen und die Fristen f\u00fcr die Instandsetzung der Dacharbeiten f\u00fcr das Kreiskrankenhaus Suceava \u201cSfantul Ioan cel Nou\u201d werden eingehalten<\/p><\/div><\/div><\/div><!-- Start of Story Repeater Content --><div id=\"story-7e74e92\" class=\"twae-story twae-repeater-item twae-story-right twae-story-no-icon\"><!-- Story Label --><div class=\"twae-labels\"><div class=\"twae-label-big\">2010-03-24<\/div><\/div><!-- Story Icon --><div class=\"twae-icon\"><i aria-hidden=\"true\" class=\"far fa-calendar-alt\"><\/i><\/div><!-- Story Arrow --><div class=\"twae-arrow\"><\/div><!-- Start of Story Content --><div class=\"twae-content\"><!-- Story Title --><div class=\"twae-title\">Das erste Dialysezentrum<\/div><!-- Story Description --><div class=\"twae-description\"><p>Fertigstellung des Fresenius-Dialysezentrums in Suceava<\/p><\/div><\/div><\/div><!-- Start of Story Repeater Content --><div id=\"story-e355bdc\" class=\"twae-story twae-repeater-item twae-story-left twae-story-no-icon\"><!-- Story Label --><div class=\"twae-labels\"><div class=\"twae-label-big\">2010-07-09<\/div><\/div><!-- Story Icon --><div class=\"twae-icon\"><i aria-hidden=\"true\" class=\"far fa-calendar-alt\"><\/i><\/div><!-- Story Arrow --><div class=\"twae-arrow\"><\/div><!-- Start of Story Content --><div class=\"twae-content\"><!-- Story Title --><div class=\"twae-title\">Bau der ersten Mineralwasseranlage<\/div><!-- Story Description --><div class=\"twae-description\"><p>Die Mineralwasseranlage der Carpathian Springs von Panaci ist fertiggestellt<\/p><\/div><\/div><\/div><!-- Start of Story Repeater Content --><div id=\"story-1da9242\" class=\"twae-story twae-repeater-item twae-story-right twae-story-no-icon\"><!-- Story Label --><div class=\"twae-labels\"><div class=\"twae-label-big\">2011-06-15<\/div><\/div><!-- Story Icon --><div class=\"twae-icon\"><i aria-hidden=\"true\" class=\"far fa-calendar-alt\"><\/i><\/div><!-- Story Arrow --><div class=\"twae-arrow\"><\/div><!-- Start of Story Content --><div class=\"twae-content\"><!-- Story Title --><div class=\"twae-title\">Erste Tiefgarage<\/div><!-- Story Description --><div class=\"twae-description\"><p>Die Sanierung des Stadtzentrums Suceava durch die Schaffung einer Tiefgarage, Fussg\u00e4nger- und Strassensanierungen erfolgt<\/p><\/div><\/div><\/div><!-- Start of Story Repeater Content --><div id=\"story-638da5b\" class=\"twae-story twae-repeater-item twae-story-left twae-story-no-icon\"><!-- Story Label --><div class=\"twae-labels\"><div class=\"twae-label-big\">2011-10-27<\/div><\/div><!-- Story Icon --><div class=\"twae-icon\"><i aria-hidden=\"true\" class=\"far fa-calendar-alt\"><\/i><\/div><!-- Story Arrow --><div class=\"twae-arrow\"><\/div><!-- Start of Story Content --><div class=\"twae-content\"><!-- Story Title --><div class=\"twae-title\">Die erste Lidl-Filiale in Suceava<\/div><!-- Story Description --><div class=\"twae-description\"><p>Die Ausf\u00fchrung der Lidl-Filiale in Scheia, Str. Humorului, Nr. 1<\/p><\/div><\/div><\/div><!-- Start of Story Repeater Content --><div id=\"story-169c187\" class=\"twae-story twae-repeater-item twae-story-right twae-story-no-icon\"><!-- Story Label --><div class=\"twae-labels\"><div class=\"twae-label-big\">2012-03-09<\/div><\/div><!-- Story Icon --><div class=\"twae-icon\"><i aria-hidden=\"true\" class=\"far fa-calendar-alt\"><\/i><\/div><!-- Story Arrow --><div class=\"twae-arrow\"><\/div><!-- Start of Story Content --><div class=\"twae-content\"><!-- Story Title --><div class=\"twae-title\">Restaurierung am Dragomirna-Kloster<\/div><!-- Story Description --><div class=\"twae-description\"><p>Die Arbeiten zur Restaurierung und Erhaltung des kulturellen Erbes sowie zur Modernisierung der Infrastruktur des Klosters Dragomirna im Landkreis Deutschland<\/p><\/div><\/div><\/div><!-- Start of Story Repeater Content --><div id=\"story-e02e2a8\" class=\"twae-story twae-repeater-item twae-story-left twae-story-no-icon\"><!-- Story Label --><div class=\"twae-labels\"><div class=\"twae-label-big\">2013-01-10<\/div><\/div><!-- Story Icon --><div class=\"twae-icon\"><i aria-hidden=\"true\" class=\"far fa-calendar-alt\"><\/i><\/div><!-- Story Arrow --><div class=\"twae-arrow\"><\/div><!-- Start of Story Content --><div class=\"twae-content\"><!-- Story Title --><div class=\"twae-title\">Fassadenreparaturen Kreiskrankenhaus<\/div><!-- Story Description --><div class=\"twae-description\"><p>Die Arbeiten zur Instandsetzung der Fassade des Bezirkskrankenhauses Suceava \"Sfantul Ioan cel Nou\" sind abgeschlossen<\/p><\/div><\/div><\/div><!-- Start of Story Repeater Content --><div id=\"story-256ecaf\" class=\"twae-story twae-repeater-item twae-story-right twae-story-no-icon\"><!-- Story Label --><div class=\"twae-labels\"><div class=\"twae-label-big\">2014-07-04<\/div><\/div><!-- Story Icon --><div class=\"twae-icon\"><i aria-hidden=\"true\" class=\"far fa-calendar-alt\"><\/i><\/div><!-- Story Arrow --><div class=\"twae-arrow\"><\/div><!-- Start of Story Content --><div class=\"twae-content\"><!-- Story Title --><div class=\"twae-title\">Biogasstation Moara<\/div><!-- Story Description --><div class=\"twae-description\"><p>Fertigstellung der Biogasanlage im Dorf Horodnicenii Mici, Gemeinde Moara, Landkreis Deutschland<\/p><\/div><\/div><\/div><!-- Start of Story Repeater Content --><div id=\"story-f576d71\" class=\"twae-story twae-repeater-item twae-story-left twae-story-no-icon\"><!-- Story Label --><div class=\"twae-labels\"><div class=\"twae-label-big\">2015-04-15<\/div><\/div><!-- Story Icon --><div class=\"twae-icon\"><i aria-hidden=\"true\" class=\"far fa-calendar-alt\"><\/i><\/div><!-- Story Arrow --><div class=\"twae-arrow\"><\/div><!-- Start of Story Content --><div class=\"twae-content\"><!-- Story Title --><div class=\"twae-title\">Freizeitzentrum Lidana<\/div><!-- Story Description --><div class=\"twae-description\"><p>Der Bau des Freizeitzentrums Lidana in der Stadt Molid, im Landkreis Deutschland<\/p><\/div><\/div><\/div><!-- Start of Story Repeater Content --><div id=\"story-44bcb63\" class=\"twae-story twae-repeater-item twae-story-right twae-story-no-icon\"><!-- Story Label --><div class=\"twae-labels\"><div class=\"twae-label-big\">2015-05-08<\/div><\/div><!-- Story Icon --><div class=\"twae-icon\"><i aria-hidden=\"true\" class=\"far fa-calendar-alt\"><\/i><\/div><!-- Story Arrow --><div class=\"twae-arrow\"><\/div><!-- Start of Story Content --><div class=\"twae-content\"><!-- Story Title --><div class=\"twae-title\">Kraft-W\u00e4rme-Kopplung-Anlage mit Biogas<\/div><!-- Story Description --><div class=\"twae-description\"><p>Die Rohbauarbeiten f\u00fcr das Biogas-BHKW in Moara, Kreis Suceava sind ausgef\u00fchrt<\/p><\/div><\/div><\/div><!-- Start of Story Repeater Content --><div id=\"story-ad9d4d5\" class=\"twae-story twae-repeater-item twae-story-left twae-story-no-icon\"><!-- Story Label --><div class=\"twae-labels\"><div class=\"twae-label-big\">2015-08-07<\/div><\/div><!-- Story Icon --><div class=\"twae-icon\"><i aria-hidden=\"true\" class=\"far fa-calendar-alt\"><\/i><\/div><!-- Story Arrow --><div class=\"twae-arrow\"><\/div><!-- Start of Story Content --><div class=\"twae-content\"><!-- Story Title --><div class=\"twae-title\">Sanierung der Festung Suceava<\/div><!-- Story Description --><div class=\"twae-description\"><p>Abschluss der Sanierungsarbeiten der Festung Suceava und ihres Schutzgebietes<\/p><\/div><\/div><\/div><!-- Start of Story Repeater Content --><div id=\"story-779390a\" class=\"twae-story twae-repeater-item twae-story-right twae-story-no-icon\"><!-- Story Label --><div class=\"twae-labels\"><div class=\"twae-label-big\">2015-11-16<\/div><\/div><!-- Story Icon --><div class=\"twae-icon\"><i aria-hidden=\"true\" class=\"far fa-calendar-alt\"><\/i><\/div><!-- Story Arrow --><div class=\"twae-arrow\"><\/div><!-- Start of Story Content --><div class=\"twae-content\"><!-- Story Title --><div class=\"twae-title\">Restaurierung des Putna-Klosters<\/div><!-- Story Description --><div class=\"twae-description\"><p>Die Restaurierung, Modernisierung und Erhaltung des nationalen Kulturerbes und der damit verbundenen Infrastruktur im Putna-Kloster sind abgeschlossen<\/p><\/div><\/div><\/div><!-- Start of Story Repeater Content --><div id=\"story-d8ca8e1\" class=\"twae-story twae-repeater-item twae-story-left twae-story-no-icon\"><!-- Story Label --><div class=\"twae-labels\"><div class=\"twae-label-big\">2015-12-23<\/div><\/div><!-- Story Icon --><div class=\"twae-icon\"><i aria-hidden=\"true\" class=\"far fa-calendar-alt\"><\/i><\/div><!-- Story Arrow --><div class=\"twae-arrow\"><\/div><!-- Start of Story Content --><div class=\"twae-content\"><!-- Story Title --><div class=\"twae-title\">Das Kloster Rachitoasa<\/div><!-- Story Description --><div class=\"twae-description\"><p>Die Arbeiten zur Wiederherstellung und Verbesserung der Konsolidierung im Kloster Rachitoasa sind abgeschlossen<\/p><\/div><\/div><\/div><!-- Start of Story Repeater Content --><div id=\"story-ef45a56\" class=\"twae-story twae-repeater-item twae-story-right twae-story-no-icon\"><!-- Story Label --><div class=\"twae-labels\"><div class=\"twae-label-big\">2016-02-26<\/div><\/div><!-- Story Icon --><div class=\"twae-icon\"><i aria-hidden=\"true\" class=\"far fa-calendar-alt\"><\/i><\/div><!-- Story Arrow --><div class=\"twae-arrow\"><\/div><!-- Start of Story Content --><div class=\"twae-content\"><!-- Story Title --><div class=\"twae-title\">Die \u00f6kologische M\u00fclldeponie Moara<\/div><!-- Story Description --><div class=\"twae-description\"><p>Die Arbeiten an der \u00f6kologischen M\u00fclldeponie Moara im Landkreis Deutschland<\/p><\/div><\/div><\/div><!-- Start of Story Repeater Content --><div id=\"story-45bbcdd\" class=\"twae-story twae-repeater-item twae-story-left twae-story-no-icon\"><!-- Story Label --><div class=\"twae-labels\"><div class=\"twae-label-big\">2016-03-23<\/div><\/div><!-- Story Icon --><div class=\"twae-icon\"><i aria-hidden=\"true\" class=\"far fa-calendar-alt\"><\/i><\/div><!-- Story Arrow --><div class=\"twae-arrow\"><\/div><!-- Start of Story Content --><div class=\"twae-content\"><!-- Story Title --><div class=\"twae-title\">Geb\u00e4udekonsolidierung des Geschichtsmuseums Suceava<\/div><!-- Story Description --><div class=\"twae-description\"><p>Die Arbeiten sind unter dem Motto \"Ein Baudenkmal - Museum f\u00fcr das dritte Jahrtausend Suceava\" abgeschlossen.<\/p><\/div><\/div><\/div><!-- Start of Story Repeater Content --><div id=\"story-f4ccf55\" class=\"twae-story twae-repeater-item twae-story-right twae-story-no-icon\"><!-- Story Label --><div class=\"twae-labels\"><div class=\"twae-label-big\">2017-02-17<\/div><\/div><!-- Story Icon --><div class=\"twae-icon\"><i aria-hidden=\"true\" class=\"far fa-calendar-alt\"><\/i><\/div><!-- Story Arrow --><div class=\"twae-arrow\"><\/div><!-- Start of Story Content --><div class=\"twae-content\"><!-- Story Title --><div class=\"twae-title\">Sitz des Erzdi\u00f6zese Suceava und Radauti<\/div><!-- Story Description --><div class=\"twae-description\"><p>Die Umbauarbeiten des Sitzes der Erzdi\u00f6zese Suceava und Radauti sind abgeschlossen<\/p><\/div><\/div><\/div><!-- Start of Story Repeater Content --><div id=\"story-d54e2cc\" class=\"twae-story twae-repeater-item twae-story-left twae-story-no-icon\"><!-- Story Label --><div class=\"twae-labels\"><div class=\"twae-label-big\">2017-11-01<\/div><\/div><!-- Story Icon --><div class=\"twae-icon\"><i aria-hidden=\"true\" class=\"far fa-calendar-alt\"><\/i><\/div><!-- Story Arrow --><div class=\"twae-arrow\"><\/div><!-- Start of Story Content --><div class=\"twae-content\"><!-- Story Title --><div class=\"twae-title\">Trapezbau und M\u00f6nchszellen im Kloster Sihastria Putnei<\/div><!-- Story Description --><div class=\"twae-description\"><p>Die Arbeiten im Trapezgeb\u00e4ude und in den M\u00f6nchszellen des Klosters Sihastria Putnei sind abgeschlossen<\/p><\/div><\/div><\/div><!-- Start of Story Repeater Content --><div id=\"story-a9050f0\" class=\"twae-story twae-repeater-item twae-story-right twae-story-no-icon\"><!-- Story Label --><div class=\"twae-labels\"><div class=\"twae-label-big\">2018-01-15<\/div><\/div><!-- Story Icon --><div class=\"twae-icon\"><i aria-hidden=\"true\" class=\"far fa-calendar-alt\"><\/i><\/div><!-- Story Arrow --><div class=\"twae-arrow\"><\/div><!-- Start of Story Content --><div class=\"twae-content\"><!-- Story Title --><div class=\"twae-title\">Bau eines Bildungskomplexes \u2013 \"Sfantul Ioan cel Nou de la Suceava\"<\/div><!-- Story Description --><div class=\"twae-description\"><p>Die Arbeiten f\u00fcr das Bildungskomplex \" Sfantul Ioan cel Nou de la Suceava\" sind abgeschlossen<\/p><\/div><\/div><\/div><!-- Start of Story Repeater Content --><div id=\"story-dc60a3b\" class=\"twae-story twae-repeater-item twae-story-left twae-story-no-icon\"><!-- Story Label --><div class=\"twae-labels\"><div class=\"twae-label-big\">2018-03-08<\/div><\/div><!-- Story Icon --><div class=\"twae-icon\"><i aria-hidden=\"true\" class=\"far fa-calendar-alt\"><\/i><\/div><!-- Story Arrow --><div class=\"twae-arrow\"><\/div><!-- Start of Story Content --><div class=\"twae-content\"><!-- Story Title --><div class=\"twae-title\">Verwaltungssitz ACET Suceava<\/div><!-- Story Description --><div class=\"twae-description\"><p>Die Arbeiten am Verwaltungssitz von ACET Suceava sind abgeschlossen<\/p><\/div><\/div><\/div><!-- Start of Story Repeater Content --><div id=\"story-08e2518\" class=\"twae-story twae-repeater-item twae-story-right twae-story-no-icon\"><!-- Story Label --><div class=\"twae-labels\"><div class=\"twae-label-big\">2018-06-06<\/div><\/div><!-- Story Icon --><div class=\"twae-icon\"><i aria-hidden=\"true\" class=\"far fa-calendar-alt\"><\/i><\/div><!-- Story Arrow --><div class=\"twae-arrow\"><\/div><!-- Start of Story Content --><div class=\"twae-content\"><!-- Story Title --><div class=\"twae-title\">Kulturzentrum der Metropolie Iacob Putneanul<\/div><!-- Story Description --><div class=\"twae-description\"><p>Die Arbeiten f\u00fcr das Kulturzentrum der Metropolie Iacob Putneanul sind abgeschlossen<\/p><\/div><\/div><\/div><!-- Start of Story Repeater Content --><div id=\"story-8d07f82\" class=\"twae-story twae-repeater-item twae-story-left twae-story-no-icon\"><!-- Story Label --><div class=\"twae-labels\"><div class=\"twae-label-big\">2019-03-08<\/div><\/div><!-- Story Icon --><div class=\"twae-icon\"><i aria-hidden=\"true\" class=\"far fa-calendar-alt\"><\/i><\/div><!-- Story Arrow --><div class=\"twae-arrow\"><\/div><!-- Start of Story Content --><div class=\"twae-content\"><!-- Story Title --><div class=\"twae-title\">Bau des St\u00e4dtischen Krankenhauses Falticeni<\/div><!-- Story Description --><div class=\"twae-description\"><p>Die Bauarbeiten am St\u00e4dtischen Krankenhaus Falticeni sind abgeschlossen<\/p><\/div><\/div><\/div><!-- Start of Story Repeater Content --><div id=\"story-e9428ec\" class=\"twae-story twae-repeater-item twae-story-right twae-story-no-icon\"><!-- Story Label --><div class=\"twae-labels\"><div class=\"twae-label-big\">2019-09-02<\/div><\/div><!-- Story Icon --><div class=\"twae-icon\"><i aria-hidden=\"true\" class=\"far fa-calendar-alt\"><\/i><\/div><!-- Story Arrow --><div class=\"twae-arrow\"><\/div><!-- Start of Story Content --><div class=\"twae-content\"><!-- Story Title --><div class=\"twae-title\">Geb\u00e4udekonsolidierung, Restaurierung und Erhaltung der Kirche Dragomirna<\/div><!-- Story Description --><div class=\"twae-description\"><p>Geb\u00e4udekonsolidierung, Restaurierung und Erhaltung des Klosters Dragomirna: die Kirche \"Pogorarea Sfantului Duh\" und die Kirche \"Sfintii Enoh, Ilie si Ioan Teologul\". Restaurierungsarbeiten im Dragomirna-Kloster abgeschlossen<\/p><\/div><\/div><\/div><!-- Start of Story Repeater Content --><div id=\"story-18a4dfe\" class=\"twae-story twae-repeater-item twae-story-left twae-story-no-icon\"><!-- Story Label --><div class=\"twae-labels\"><div class=\"twae-label-big\">2020-03-04<\/div><\/div><!-- Story Icon --><div class=\"twae-icon\"><i aria-hidden=\"true\" class=\"far fa-calendar-alt\"><\/i><\/div><!-- Story Arrow --><div class=\"twae-arrow\"><\/div><!-- Start of Story Content --><div class=\"twae-content\"><!-- Story Title --><div class=\"twae-title\">Planung und Ausf\u00fchrung von Modernisierungs- und Renovierungsarbeiten f\u00fcr das Kulturzentrum Parhauti<\/div><!-- Story Description --><div class=\"twae-description\"><p>Die Arbeiten am Kulturhaus Parhauti werden abgeschlossen<\/p><\/div><\/div><\/div><!-- Start of Story Repeater Content --><div id=\"story-67d70b8\" class=\"twae-story twae-repeater-item twae-story-right twae-story-no-icon\"><!-- Story Label --><div class=\"twae-labels\"><div class=\"twae-label-big\">2020-08-18<\/div><\/div><!-- Story Icon --><div class=\"twae-icon\"><i aria-hidden=\"true\" class=\"far fa-calendar-alt\"><\/i><\/div><!-- Story Arrow --><div class=\"twae-arrow\"><\/div><!-- Start of Story Content --><div class=\"twae-content\"><!-- Story Title --><div class=\"twae-title\">Planung und Ausf\u00fchrung von Restaurierungsarbeiten am Kloster Bogdana<\/div><!-- Story Description --><div class=\"twae-description\"><p>Die Ausf\u00fchrungsarbeiten am Kloster Bogdana werden abgeschlossen<\/p><\/div><\/div><\/div><!-- Start of Story Repeater Content --><div id=\"story-086b4f1\" class=\"twae-story twae-repeater-item twae-story-left twae-story-no-icon\"><!-- Story Label --><div class=\"twae-labels\"><div class=\"twae-label-big\">2020-09-16<\/div><\/div><!-- Story Icon --><div class=\"twae-icon\"><i aria-hidden=\"true\" class=\"far fa-calendar-alt\"><\/i><\/div><!-- Story Arrow --><div class=\"twae-arrow\"><\/div><!-- Start of Story Content --><div class=\"twae-content\"><!-- Story Title --><div class=\"twae-title\">Planung und Ausf\u00fchrung von Bau- und Restaurierungsarbeiten am Kloster Probota<\/div><!-- Story Description --><div class=\"twae-description\"><p>Die Ausf\u00fchrungsarbeiten am Kloster Probota werden abgeschlossen<\/p><\/div><\/div><\/div><!-- Start of Story Repeater Content --><div id=\"story-bf9099c\" class=\"twae-story twae-repeater-item twae-story-right twae-story-no-icon\"><!-- Story Label --><div class=\"twae-labels\"><div class=\"twae-label-big\">2020-10-20<\/div><\/div><!-- Story Icon --><div class=\"twae-icon\"><i aria-hidden=\"true\" class=\"far fa-calendar-alt\"><\/i><\/div><!-- Story Arrow --><div class=\"twae-arrow\"><\/div><!-- Start of Story Content --><div class=\"twae-content\"><!-- Story Title --><div class=\"twae-title\">Planung und Ausf\u00fchrung Campulung Moldovenesc Holz Museum<\/div><!-- Story Description --><div class=\"twae-description\"><p>Die Ausf\u00fchrungsarbeiten im Holzmuseum Campulung Moldovenesc werden abgeschlossen<\/p><\/div><\/div><\/div><!-- Start of Story Repeater Content --><div id=\"story-065e126\" class=\"twae-story twae-repeater-item twae-story-left twae-story-no-icon\"><!-- Story Label --><div class=\"twae-labels\"><div class=\"twae-label-big\">2022-08-31<\/div><\/div><!-- Story Icon --><div class=\"twae-icon\"><i aria-hidden=\"true\" class=\"far fa-calendar-alt\"><\/i><\/div><!-- Story Arrow --><div class=\"twae-arrow\"><\/div><!-- Start of Story Content --><div class=\"twae-content\"><!-- Story Title --><div class=\"twae-title\">Chimcomplex Ramnicu Valcea<\/div><!-- Story Description --><div class=\"twae-description\"><p>Die Ausf\u00fchrungsarbeiten im Chimcomplex Ramnicu Valcea sind abgeschlossen<\/p><\/div><\/div><\/div><!-- Start of Story Repeater Content --><div id=\"story-75b59c3\" class=\"twae-story twae-repeater-item twae-story-right twae-story-no-icon\"><!-- Story Label --><div class=\"twae-labels\"><div class=\"twae-label-big\">2023-03-07<\/div><\/div><!-- Story Icon --><div class=\"twae-icon\"><i aria-hidden=\"true\" class=\"far fa-calendar-alt\"><\/i><\/div><!-- Story Arrow --><div class=\"twae-arrow\"><\/div><!-- Start of Story Content --><div class=\"twae-content\"><!-- Story Title --><div class=\"twae-title\">Polygon f\u00fcr die Fachausbildung von ISU-Einsatzpersonal<\/div><!-- Story Description --><div class=\"twae-description\"><p>Die Ausf\u00fchrungsarbeiten am \u00dcbungsplatz f\u00fcr die Fachausbildung des ISU-Einsatzpersonals (Inspektorat f\u00fcr Notfallsituationen) sind abgeschlossen<\/p><\/div><\/div><\/div><!-- Start of Story Repeater Content --><div id=\"story-a4d6114\" class=\"twae-story twae-repeater-item twae-story-left twae-story-no-icon\"><!-- Story Label --><div class=\"twae-labels\"><div class=\"twae-label-big\">2023-11-17<\/div><\/div><!-- Story Icon --><div class=\"twae-icon\"><i aria-hidden=\"true\" class=\"far fa-calendar-alt\"><\/i><\/div><!-- Story Arrow --><div class=\"twae-arrow\"><\/div><!-- Start of Story Content --><div class=\"twae-content\"><!-- Story Title --><div class=\"twae-title\">Zementfabrik Tasca<\/div><!-- Story Description --><div class=\"twae-description\"><p>Fertigstellung der Ausf\u00fchrungsarbeiten in der Zementfabrik Tasca<\/p><\/div><\/div><\/div><\/div>\n    <div class=\"twae-end\"><\/div>\n    <\/div><style type=\"text\/css\">.elementor-5470 .elementor-element.elementor-element-dd433ee .twae-wrapper.twae-vertical .twae-story{margin-bottom:60px!important}.elementor-5470 .elementor-element.elementor-element-dd433ee .twae-wrapper{--tw-cbx-title-color:#395597;}.elementor-5470 .elementor-element.elementor-element-dd433ee .twae-wrapper{--tw-lbl-big-color:#395597;}.elementor-5470 .elementor-element.elementor-element-dd433ee .twae-wrapper{--tw-ibx-bg:#395597;}.elementor-5470 .elementor-element.elementor-element-dd433ee .twae-wrapper{--tw-ybx-text-color:#1A1A1A}.elementor-5470 .elementor-element.elementor-element-dd433ee .twae-wrapper{--tw-cbx-bg:#FFFFFF}.elementor-5470 .elementor-element.elementor-element-dd433ee .twae-wrapper{--tw-line-bg:#1A1A1A}.elementor-5470 .elementor-element.elementor-element-dd433ee .twae-wrapper{ \n\t\t\t--tw-cbx-bd-top-width: 0px;\n\t\t\t--tw-cbx-bd-right-width: 0px;\n\t\t\t--tw-cbx-bd-bottom-width: 0px;\n\t\t\t--tw-cbx-bd-left-width:0px;\n\t\t\t}.elementor-5470 .elementor-element.elementor-element-dd433ee .twae-label-small{font-family:Roboto;font-weight:400;}.elementor-5470 .elementor-element.elementor-element-dd433ee .twae-description{font-family:Roboto;font-size:15px;font-weight:300;letter-spacing:0px;}.elementor-5470 .elementor-element.elementor-element-dd433ee.twae-year{font-family:Roboto;font-weight:400;}@media (max-width: 1024px){ .twae-wrapper{--tw-ybx-size: 80px !important;}}@media (max-width: 767px){ .twae-wrapper{--tw-ybx-size: 80px !important}}<\/style>\t\t\t\t<\/div>\n\t\t\t\t<\/div>\n\t\t\t\t\t<\/div>\n\t\t<\/div>\n\t\t\t\t\t<\/div>\n\t\t<\/section>\n\t\t\t\t<\/div>\n\t\t","protected":false},"excerpt":{"rendered":"<p>\u00dcber uns Unser Werdegang Repr\u00e4sentative Veranstaltungen und Projekte Chronologie Wir stellen uns vor General Construct ist ein Bauunternehmen mit Hauptsitz in Suceava, Rum\u00e4nien, strukturiert nach Baut\u00e4tigkeiten und Bauinstallationen. Nachfolgend finden Sie eine chronologische Darstellung der Ereignisse und Projekte, die wir seit Gr\u00fcndung des Unternehmens als repr\u00e4sentativ betrachten: 1994-12-22Die Gr\u00fcndung der Firma Ziel der T\u00e4tigkeit: Bauleistungen &hellip;<\/p>\n<p class=\"read-more\"> <a class=\"\" href=\"https:\/\/www.generalconstruct.ro\/de\/unser-werdegang\/\"> <span class=\"screen-reader-text\">Unser Werdegang<\/span> Weiterlesen &raquo;<\/a><\/p>\n","protected":false},"author":1,"featured_media":0,"parent":0,"menu_order":0,"comment_status":"closed","ping_status":"closed","template":"","meta":{"site-sidebar-layout":"no-sidebar","site-content-layout":"page-builder","ast-main-header-display":"","ast-hfb-above-header-display":"","ast-hfb-below-header-display":"","ast-hfb-mobile-header-display":"","site-post-title":"disabled","ast-breadcrumbs-content":"","ast-featured-img":"disabled","footer-sml-layout":"","theme-transparent-header-meta":"default","adv-header-id-meta":"","stick-header-meta":"","header-above-stick-meta":"","header-main-stick-meta":"","header-below-stick-meta":"","footnotes":""},"class_list":["post-5470","page","type-page","status-publish","hentry"],"_links":{"self":[{"href":"https:\/\/www.generalconstruct.ro\/de\/wp-json\/wp\/v2\/pages\/5470","targetHints":{"allow":["GET"]}}],"collection":[{"href":"https:\/\/www.generalconstruct.ro\/de\/wp-json\/wp\/v2\/pages"}],"about":[{"href":"https:\/\/www.generalconstruct.ro\/de\/wp-json\/wp\/v2\/types\/page"}],"author":[{"embeddable":true,"href":"https:\/\/www.generalconstruct.ro\/de\/wp-json\/wp\/v2\/users\/1"}],"replies":[{"embeddable":true,"href":"https:\/\/www.generalconstruct.ro\/de\/wp-json\/wp\/v2\/comments?post=5470"}],"version-history":[{"count":6,"href":"https:\/\/www.generalconstruct.ro\/de\/wp-json\/wp\/v2\/pages\/5470\/revisions"}],"predecessor-version":[{"id":6528,"href":"https:\/\/www.generalconstruct.ro\/de\/wp-json\/wp\/v2\/pages\/5470\/revisions\/6528"}],"wp:attachment":[{"href":"https:\/\/www.generalconstruct.ro\/de\/wp-json\/wp\/v2\/media?parent=5470"}],"curies":[{"name":"wp","href":"https:\/\/api.w.org\/{rel}","templated":true}]}}